{"id":73,"date":"2015-11-20T12:24:21","date_gmt":"2015-11-20T12:24:21","guid":{"rendered":"http:\/\/fernandofabre.es\/wordpress\/?page_id=73"},"modified":"2016-11-14T17:36:22","modified_gmt":"2016-11-14T17:36:22","slug":"presentacion","status":"publish","type":"page","link":"http:\/\/fernandofabre.es\/en\/presentacion\/","title":{"rendered":"Presentaci\u00f3n"},"content":{"rendered":"<p>Palma de Mallorca, 1957<br \/>\nPintor and sculptor<\/p>\n<h4>Solo shows<\/h4>\n<p>2016 Galer\u00eda Espai d&#8217;Art 32, Pollen\u00e7a<br \/>\n2014 Can Fondo, Ajuntament d\u2019Alc\u00fadia, Alc\u00fadia<br \/>\n2013 Galerie de Velasco, Marrakech<br \/>\n2012 \u201cCan Cera\u201d, Palma<br \/>\n2011 Galer\u00eda 14, Palma<br \/>\n1996 Galer\u00eda Alejandro Sales, Barcelona<br \/>\n1994 Galer\u00eda Senda, Barcelona<br \/>\n1993 Galer\u00eda Ayala, Las Palmas<br \/>\n1992 Galer\u00eda Jorge Alcolea, Madrid\n<\/p>\n<h4>Shared shows<\/h4>\n<p>2016 Galer\u00eda Espai d&#8217;Art 32, Pollen\u00e7a<br \/>\n2010 Galer\u00eda 14, Palma<br \/>\n1996 III Bienal de Barcelona, C.L.S. Museu de Montju\u00efc, Barcelona<br \/>\n1994 Arco94, Galer\u00eda Senda, Madrid<\/p>\n<p><\/p>","protected":false},"excerpt":{"rendered":"<p>Palma de Mallorca, 1957 Pintor and sculptor Solo shows 2016 Galer\u00eda Espai d&#8217;Art 32, Pollen\u00e7a 2014 Can Fondo, Ajuntament d\u2019Alc\u00fadia, Alc\u00fadia 2013 Galerie de Velasco, Marrakech 2012 \u201cCan Cera\u201d, Palma 2011 Galer\u00eda 14, Palma 1996 Galer\u00eda Alejandro Sales, Barcelona 1994 Galer\u00eda Senda, Barcelona 1993 Galer\u00eda Ayala, Las Palmas 1992 Galer\u00eda Jorge Alcolea, Madrid Shared shows [&hellip;]<\/p>\n","protected":false},"author":1,"featured_media":76,"parent":0,"menu_order":0,"comment_status":"closed","ping_status":"closed","template":"","meta":{"footnotes":""},"class_list":["post-73","page","type-page","status-publish","has-post-thumbnail","hentry"],"yoast_head":"<!-- This site is optimized with the Yoast SEO plugin v27.2 - https:\/\/yoast.com\/product\/yoast-seo-wordpress\/ -->\n<title>Presentaci\u00f3n - Fernando Fabre<\/title>\n<meta name=\"robots\" content=\"index, follow, max-snippet:-1, max-image-preview:large, max-video-preview:-1\" \/>\n<link rel=\"canonical\" href=\"http:\/\/fernandofabre.es\/presentacion\/\" \/>\n<meta property=\"og:locale\" content=\"en_US\" \/>\n<meta property=\"og:type\" content=\"article\" \/>\n<meta property=\"og:title\" content=\"Presentaci\u00f3n - Fernando Fabre\" \/>\n<meta property=\"og:description\" content=\"Palma de Mallorca, 1957 Pintor and sculptor Solo shows 2016 Galer\u00eda Espai d&#8217;Art 32, Pollen\u00e7a 2014 Can Fondo, Ajuntament d\u2019Alc\u00fadia, Alc\u00fadia 2013 Galerie de Velasco, Marrakech 2012 \u201cCan Cera\u201d, Palma 2011 Galer\u00eda 14, Palma 1996 Galer\u00eda Alejandro Sales, Barcelona 1994 Galer\u00eda Senda, Barcelona 1993 Galer\u00eda Ayala, Las Palmas 1992 Galer\u00eda Jorge Alcolea, Madrid Shared shows [&hellip;]\" \/>\n<meta property=\"og:url\" content=\"http:\/\/fernandofabre.es\/presentacion\/\" \/>\n<meta property=\"og:site_name\" content=\"Fernando Fabre\" \/>\n<meta property=\"article:modified_time\" content=\"2016-11-14T17:36:22+00:00\" \/>\n<meta property=\"og:image\" content=\"http:\/\/fernandofabre.es\/wp-content\/uploads\/2015\/11\/fernando_fabre.jpg\" \/>\n\t<meta property=\"og:image:width\" content=\"200\" \/>\n\t<meta property=\"og:image:height\" content=\"268\" \/>\n\t<meta property=\"og:image:type\" content=\"image\/jpeg\" \/>\n<meta name=\"twitter:card\" content=\"summary_large_image\" \/>\n<meta name=\"twitter:label1\" content=\"Est. reading time\" \/>\n\t<meta name=\"twitter:data1\" content=\"1 minute\" \/>\n<script type=\"application\/ld+json\" class=\"yoast-schema-graph\">{\"@context\":\"https:\/\/schema.org\",\"@graph\":[{\"@type\":\"WebPage\",\"@id\":\"http:\/\/fernandofabre.es\/presentacion\/\",\"url\":\"http:\/\/fernandofabre.es\/presentacion\/\",\"name\":\"Presentaci\u00f3n - Fernando Fabre\",\"isPartOf\":{\"@id\":\"http:\/\/fernandofabre.es\/#website\"},\"primaryImageOfPage\":{\"@id\":\"http:\/\/fernandofabre.es\/presentacion\/#primaryimage\"},\"image\":{\"@id\":\"http:\/\/fernandofabre.es\/presentacion\/#primaryimage\"},\"thumbnailUrl\":\"http:\/\/fernandofabre.es\/wp-content\/uploads\/2015\/11\/fernando_fabre.jpg\",\"datePublished\":\"2015-11-20T12:24:21+00:00\",\"dateModified\":\"2016-11-14T17:36:22+00:00\",\"breadcrumb\":{\"@id\":\"http:\/\/fernandofabre.es\/presentacion\/#breadcrumb\"},\"inLanguage\":\"en-US\",\"potentialAction\":[{\"@type\":\"ReadAction\",\"target\":[\"http:\/\/fernandofabre.es\/presentacion\/\"]}]},{\"@type\":\"ImageObject\",\"inLanguage\":\"en-US\",\"@id\":\"http:\/\/fernandofabre.es\/presentacion\/#primaryimage\",\"url\":\"http:\/\/fernandofabre.es\/wp-content\/uploads\/2015\/11\/fernando_fabre.jpg\",\"contentUrl\":\"http:\/\/fernandofabre.es\/wp-content\/uploads\/2015\/11\/fernando_fabre.jpg\",\"width\":200,\"height\":268},{\"@type\":\"BreadcrumbList\",\"@id\":\"http:\/\/fernandofabre.es\/presentacion\/#breadcrumb\",\"itemListElement\":[{\"@type\":\"ListItem\",\"position\":1,\"name\":\"Portada\",\"item\":\"http:\/\/fernandofabre.es\/\"},{\"@type\":\"ListItem\",\"position\":2,\"name\":\"Presentaci\u00f3n\"}]},{\"@type\":\"WebSite\",\"@id\":\"http:\/\/fernandofabre.es\/#website\",\"url\":\"http:\/\/fernandofabre.es\/\",\"name\":\"Fernando Fabre\",\"description\":\"Pintor and sculptor\",\"potentialAction\":[{\"@type\":\"SearchAction\",\"target\":{\"@type\":\"EntryPoint\",\"urlTemplate\":\"http:\/\/fernandofabre.es\/?s={search_term_string}\"},\"query-input\":{\"@type\":\"PropertyValueSpecification\",\"valueRequired\":true,\"valueName\":\"search_term_string\"}}],\"inLanguage\":\"en-US\"}]}<\/script>\n<!-- \/ Yoast SEO plugin. -->","yoast_head_json":{"title":"Presentaci\u00f3n - Fernando Fabre","robots":{"index":"index","follow":"follow","max-snippet":"max-snippet:-1","max-image-preview":"max-image-preview:large","max-video-preview":"max-video-preview:-1"},"canonical":"http:\/\/fernandofabre.es\/presentacion\/","og_locale":"en_US","og_type":"article","og_title":"Presentaci\u00f3n - Fernando Fabre","og_description":"Palma de Mallorca, 1957 Pintor and sculptor Solo shows 2016 Galer\u00eda Espai d&#8217;Art 32, Pollen\u00e7a 2014 Can Fondo, Ajuntament d\u2019Alc\u00fadia, Alc\u00fadia 2013 Galerie de Velasco, Marrakech 2012 \u201cCan Cera\u201d, Palma 2011 Galer\u00eda 14, Palma 1996 Galer\u00eda Alejandro Sales, Barcelona 1994 Galer\u00eda Senda, Barcelona 1993 Galer\u00eda Ayala, Las Palmas 1992 Galer\u00eda Jorge Alcolea, Madrid Shared shows [&hellip;]","og_url":"http:\/\/fernandofabre.es\/presentacion\/","og_site_name":"Fernando Fabre","article_modified_time":"2016-11-14T17:36:22+00:00","og_image":[{"width":200,"height":268,"url":"http:\/\/fernandofabre.es\/wp-content\/uploads\/2015\/11\/fernando_fabre.jpg","type":"image\/jpeg"}],"twitter_card":"summary_large_image","twitter_misc":{"Est. reading time":"1 minute"},"schema":{"@context":"https:\/\/schema.org","@graph":[{"@type":"WebPage","@id":"http:\/\/fernandofabre.es\/presentacion\/","url":"http:\/\/fernandofabre.es\/presentacion\/","name":"Presentaci\u00f3n - Fernando Fabre","isPartOf":{"@id":"http:\/\/fernandofabre.es\/#website"},"primaryImageOfPage":{"@id":"http:\/\/fernandofabre.es\/presentacion\/#primaryimage"},"image":{"@id":"http:\/\/fernandofabre.es\/presentacion\/#primaryimage"},"thumbnailUrl":"http:\/\/fernandofabre.es\/wp-content\/uploads\/2015\/11\/fernando_fabre.jpg","datePublished":"2015-11-20T12:24:21+00:00","dateModified":"2016-11-14T17:36:22+00:00","breadcrumb":{"@id":"http:\/\/fernandofabre.es\/presentacion\/#breadcrumb"},"inLanguage":"en-US","potentialAction":[{"@type":"ReadAction","target":["http:\/\/fernandofabre.es\/presentacion\/"]}]},{"@type":"ImageObject","inLanguage":"en-US","@id":"http:\/\/fernandofabre.es\/presentacion\/#primaryimage","url":"http:\/\/fernandofabre.es\/wp-content\/uploads\/2015\/11\/fernando_fabre.jpg","contentUrl":"http:\/\/fernandofabre.es\/wp-content\/uploads\/2015\/11\/fernando_fabre.jpg","width":200,"height":268},{"@type":"BreadcrumbList","@id":"http:\/\/fernandofabre.es\/presentacion\/#breadcrumb","itemListElement":[{"@type":"ListItem","position":1,"name":"Portada","item":"http:\/\/fernandofabre.es\/"},{"@type":"ListItem","position":2,"name":"Presentaci\u00f3n"}]},{"@type":"WebSite","@id":"http:\/\/fernandofabre.es\/#website","url":"http:\/\/fernandofabre.es\/","name":"Fernando Fabre","description":"Pintor and sculptor","potentialAction":[{"@type":"SearchAction","target":{"@type":"EntryPoint","urlTemplate":"http:\/\/fernandofabre.es\/?s={search_term_string}"},"query-input":{"@type":"PropertyValueSpecification","valueRequired":true,"valueName":"search_term_string"}}],"inLanguage":"en-US"}]}},"_links":{"self":[{"href":"http:\/\/fernandofabre.es\/en\/wp-json\/wp\/v2\/pages\/73","targetHints":{"allow":["GET"]}}],"collection":[{"href":"http:\/\/fernandofabre.es\/en\/wp-json\/wp\/v2\/pages"}],"about":[{"href":"http:\/\/fernandofabre.es\/en\/wp-json\/wp\/v2\/types\/page"}],"author":[{"embeddable":true,"href":"http:\/\/fernandofabre.es\/en\/wp-json\/wp\/v2\/users\/1"}],"replies":[{"embeddable":true,"href":"http:\/\/fernandofabre.es\/en\/wp-json\/wp\/v2\/comments?post=73"}],"version-history":[{"count":10,"href":"http:\/\/fernandofabre.es\/en\/wp-json\/wp\/v2\/pages\/73\/revisions"}],"predecessor-version":[{"id":163,"href":"http:\/\/fernandofabre.es\/en\/wp-json\/wp\/v2\/pages\/73\/revisions\/163"}],"wp:featuredmedia":[{"embeddable":true,"href":"http:\/\/fernandofabre.es\/en\/wp-json\/wp\/v2\/media\/76"}],"wp:attachment":[{"href":"http:\/\/fernandofabre.es\/en\/wp-json\/wp\/v2\/media?parent=73"}],"curies":[{"name":"wp","href":"https:\/\/api.w.org\/{rel}","templated":true}]}}