{"version":"1.0","provider_name":"Fernando Fabre","provider_url":"http:\/\/fernandofabre.es\/en","title":"Presentaci\u00f3n - Fernando Fabre","type":"rich","width":600,"height":338,"html":"<blockquote class=\"wp-embedded-content\" data-secret=\"6GU8biLFnV\"><a href=\"http:\/\/fernandofabre.es\/en\/presentacion\/\">Presentaci\u00f3n<\/a><\/blockquote><iframe sandbox=\"allow-scripts\" security=\"restricted\" src=\"http:\/\/fernandofabre.es\/en\/presentacion\/embed\/#?secret=6GU8biLFnV\" width=\"600\" height=\"338\" title=\"&#8220;Presentaci\u00f3n&#8221; &#8212; Fernando Fabre\" data-secret=\"6GU8biLFnV\" frameborder=\"0\" marginwidth=\"0\" marginheight=\"0\" scrolling=\"no\" class=\"wp-embedded-content\"><\/iframe><script type=\"text\/javascript\">\n\/* <![CDATA[ *\/\n\/*! This file is auto-generated *\/\n!function(d,l){\"use strict\";l.querySelector&&d.addEventListener&&\"undefined\"!=typeof URL&&(d.wp=d.wp||{},d.wp.receiveEmbedMessage||(d.wp.receiveEmbedMessage=function(e){var t=e.data;if((t||t.secret||t.message||t.value)&&!\/[^a-zA-Z0-9]\/.test(t.secret)){for(var s,r,n,a=l.querySelectorAll('iframe[data-secret=\"'+t.secret+'\"]'),o=l.querySelectorAll('blockquote[data-secret=\"'+t.secret+'\"]'),c=new RegExp(\"^https?:$\",\"i\"),i=0;i<o.length;i++)o[i].style.display=\"none\";for(i=0;i<a.length;i++)s=a[i],e.source===s.contentWindow&&(s.removeAttribute(\"style\"),\"height\"===t.message?(1e3<(r=parseInt(t.value,10))?r=1e3:~~r<200&&(r=200),s.height=r):\"link\"===t.message&&(r=new URL(s.getAttribute(\"src\")),n=new URL(t.value),c.test(n.protocol))&&n.host===r.host&&l.activeElement===s&&(d.top.location.href=t.value))}},d.addEventListener(\"message\",d.wp.receiveEmbedMessage,!1),l.addEventListener(\"DOMContentLoaded\",function(){for(var e,t,s=l.querySelectorAll(\"iframe.wp-embedded-content\"),r=0;r<s.length;r++)(t=(e=s[r]).getAttribute(\"data-secret\"))||(t=Math.random().toString(36).substring(2,12),e.src+=\"#?secret=\"+t,e.setAttribute(\"data-secret\",t)),e.contentWindow.postMessage({message:\"ready\",secret:t},\"*\")},!1)))}(window,document);\n\/\/# sourceURL=http:\/\/fernandofabre.es\/wp-includes\/js\/wp-embed.min.js\n\/* ]]> *\/\n<\/script>\n","thumbnail_url":"http:\/\/fernandofabre.es\/wp-content\/uploads\/2015\/11\/fernando_fabre.jpg","thumbnail_width":200,"thumbnail_height":268,"description":"Palma de Mallorca, 1957 Pintor and sculptor Solo shows 2016 Galer\u00eda Espai d&#8217;Art 32, Pollen\u00e7a 2014 Can Fondo, Ajuntament d\u2019Alc\u00fadia, Alc\u00fadia 2013 Galerie de Velasco, Marrakech 2012 \u201cCan Cera\u201d, Palma 2011 Galer\u00eda 14, Palma 1996 Galer\u00eda Alejandro Sales, Barcelona 1994 Galer\u00eda Senda, Barcelona 1993 Galer\u00eda Ayala, Las Palmas 1992 Galer\u00eda Jorge Alcolea, Madrid Shared shows [&hellip;]"}